{"id":118,"date":"2020-10-09T13:35:22","date_gmt":"2020-10-09T13:35:22","guid":{"rendered":"http:\/\/blog.revistaderecenzii.com\/index.php\/home\/"},"modified":"2026-08-31T15:29:00","modified_gmt":"2026-08-31T15:29:00","slug":"home","status":"publish","type":"page","link":"https:\/\/blog.revistaderecenzii.com\/index.php\/home\/","title":{"rendered":"Home"},"content":{"rendered":"\n<p class=\"wp-block-paragraph\">Dan IONESCU<\/p>\n\n\n\n<p class=\"wp-block-paragraph\">Doctor al Academiei Rom\u00e2ne, \u00een domeniul Filologie (2015), cu lucrarea <em>Presa literar\u0103 din Oltenia<\/em>;<\/p>\n\n\n\n<p class=\"wp-block-paragraph\">Membru al Uniunii Scriitorilor din Rom\u00e2nia (1998);<\/p>\n\n\n\n<p class=\"wp-block-paragraph\">Moderator al emisiunii <em>Literatura la Craiova<\/em> &#8211; TVR Craiova.  <\/p>\n\n\n\n<p class=\"wp-block-paragraph\">Membru \u00een Comitetul director al Uniunii Scriitorilor din Rom\u00e2nia, filiala Craiova (Oltenia) (2018 &#8211; 2023).<\/p>\n\n\n\n<p class=\"wp-block-paragraph\">Contact:<\/p>\n\n\n\n<p class=\"wp-block-paragraph\">jonescus@yahoo.com<\/p>\n\n\n\n<p class=\"wp-block-paragraph\">revistaderecenzii@yahoo.com<\/p>\n\n\n\n<p class=\"wp-block-paragraph\">Licen\u0163iat al Facult\u0103\u0163ii de Litere din Craiova (1995). <\/p>\n\n\n\n<p class=\"wp-block-paragraph\">Studii aprofundate \u00een domeniul Limb\u0103 Rom\u00e2n\u0103 Contemporan\u0103 (1996). <\/p>\n\n\n\n<p class=\"wp-block-paragraph\">Absolvent al Colegiului Na\u0163ional \u201eElena Cuza\u201d din Craiova, profilul filologie.<\/p>\n\n\n\n<p class=\"wp-block-paragraph\">Debuteaz\u0103 cu volumul <em>Biblioteca \u00eentr-o alocu\u0163iune<\/em> (1995), cu un <em>Cuv\u00e2nt \u00eenainte<\/em> semnat de criticul Dan Cristea, Ed. Avr\u0103meanca, Craiova.<\/p>\n\n\n\n<p class=\"wp-block-paragraph\"><\/p>\n","protected":false},"excerpt":{"rendered":"<p>Dan IONESCU Doctor al Academiei Rom\u00e2ne, \u00een domeniul Filologie (2015), cu lucrarea Presa literar\u0103 din Oltenia; Membru al Uniunii Scriitorilor din Rom\u00e2nia (1998); Moderator al emisiunii Literatura la Craiova &#8211; TVR Craiova. Membru \u00een Comitetul director al Uniunii Scriitorilor din Rom\u00e2nia, filiala Craiova (Oltenia) (2018 &#8211; 2023). Contact: jonescus@yahoo.com revistaderecenzii@yahoo.com Licen\u0163iat al Facult\u0103\u0163ii de Litere &hellip; <a href=\"https:\/\/blog.revistaderecenzii.com\/index.php\/home\/\" class=\"more-link\">Continu\u0103 lectura <span class=\"screen-reader-text\">Home<\/span> <span class=\"meta-nav\">&rarr;<\/span><\/a><\/p>\n","protected":false},"author":1,"featured_media":0,"parent":0,"menu_order":0,"comment_status":"closed","ping_status":"closed","template":"","meta":{"footnotes":""},"class_list":["post-118","page","type-page","status-publish","hentry"],"_links":{"self":[{"href":"https:\/\/blog.revistaderecenzii.com\/index.php\/wp-json\/wp\/v2\/pages\/118","targetHints":{"allow":["GET"]}}],"collection":[{"href":"https:\/\/blog.revistaderecenzii.com\/index.php\/wp-json\/wp\/v2\/pages"}],"about":[{"href":"https:\/\/blog.revistaderecenzii.com\/index.php\/wp-json\/wp\/v2\/types\/page"}],"author":[{"embeddable":true,"href":"https:\/\/blog.revistaderecenzii.com\/index.php\/wp-json\/wp\/v2\/users\/1"}],"replies":[{"embeddable":true,"href":"https:\/\/blog.revistaderecenzii.com\/index.php\/wp-json\/wp\/v2\/comments?post=118"}],"version-history":[{"count":17,"href":"https:\/\/blog.revistaderecenzii.com\/index.php\/wp-json\/wp\/v2\/pages\/118\/revisions"}],"predecessor-version":[{"id":13925,"href":"https:\/\/blog.revistaderecenzii.com\/index.php\/wp-json\/wp\/v2\/pages\/118\/revisions\/13925"}],"wp:attachment":[{"href":"https:\/\/blog.revistaderecenzii.com\/index.php\/wp-json\/wp\/v2\/media?parent=118"}],"curies":[{"name":"wp","href":"https:\/\/api.w.org\/{rel}","templated":true}]}}